{"id":879,"date":"2021-11-21T18:13:05","date_gmt":"2021-11-21T18:13:05","guid":{"rendered":"https:\/\/deip.pl\/?page_id=879"},"modified":"2021-11-21T19:03:47","modified_gmt":"2021-11-21T19:03:47","slug":"fundacja","status":"publish","type":"page","link":"https:\/\/deip.pl\/index.php\/fundacja\/","title":{"rendered":"Fundacja"},"content":{"rendered":"<p>[et_pb_section fb_built=&#8221;1&#8243; _builder_version=&#8221;4.13.1&#8243; _module_preset=&#8221;default&#8221; global_colors_info=&#8221;{}&#8221; theme_builder_area=&#8221;post_content&#8221;][et_pb_row column_structure=&#8221;1_4,1_2,1_4&#8243; _builder_version=&#8221;4.13.1&#8243; _module_preset=&#8221;default&#8221; global_colors_info=&#8221;{}&#8221; theme_builder_area=&#8221;post_content&#8221;][et_pb_column type=&#8221;1_4&#8243; _builder_version=&#8221;4.13.1&#8243; _module_preset=&#8221;default&#8221; global_colors_info=&#8221;{}&#8221; theme_builder_area=&#8221;post_content&#8221;][et_pb_image src=&#8221;https:\/\/deip.pl\/wp-content\/uploads\/2021\/06\/DEiP_logo-mniejsze-A.png&#8221; title_text=&#8221;DEiP_logo &#8211; mniejsze A&#8221; _builder_version=&#8221;4.13.1&#8243; _module_preset=&#8221;default&#8221; global_colors_info=&#8221;{}&#8221; theme_builder_area=&#8221;post_content&#8221;][\/et_pb_image][\/et_pb_column][et_pb_column type=&#8221;1_2&#8243; _builder_version=&#8221;4.13.1&#8243; _module_preset=&#8221;default&#8221; global_colors_info=&#8221;{}&#8221; theme_builder_area=&#8221;post_content&#8221;][et_pb_text _builder_version=&#8221;4.13.1&#8243; _module_preset=&#8221;default&#8221; custom_margin=&#8221;45px||||false|false&#8221; text_text_shadow_style=&#8221;preset4&#8243; text_text_shadow_horizontal_length=&#8221;0.06em&#8221; text_text_shadow_vertical_length=&#8221;0.12em&#8221; text_text_shadow_color=&#8221;#EDF000&#8243; global_colors_info=&#8221;{}&#8221; theme_builder_area=&#8221;post_content&#8221;]<\/p>\n<h1 style=\"text-align: center;\"><strong>DEiP<\/strong><\/h1>\n<p>[\/et_pb_text][et_pb_text _builder_version=&#8221;4.13.1&#8243; _module_preset=&#8221;default&#8221; hover_enabled=&#8221;0&#8243; text_text_shadow_style=&#8221;preset5&#8243; text_text_shadow_horizontal_length=&#8221;0.1em&#8221; text_text_shadow_vertical_length=&#8221;0.1em&#8221; text_text_shadow_color=&#8221;#EDF000&#8243; global_colors_info=&#8221;{}&#8221; theme_builder_area=&#8221;post_content&#8221; sticky_enabled=&#8221;0&#8243;]<\/p>\n<h2 style=\"text-align: center;\"><strong>Fundacja<\/strong><\/h2>\n<p>[\/et_pb_text][\/et_pb_column][et_pb_column type=&#8221;1_4&#8243; _builder_version=&#8221;4.13.1&#8243; _module_preset=&#8221;default&#8221; global_colors_info=&#8221;{}&#8221; theme_builder_area=&#8221;post_content&#8221;][et_pb_image src=&#8221;https:\/\/deip.pl\/wp-content\/uploads\/2021\/06\/DEiP_logo-mniejsze-A.png&#8221; title_text=&#8221;DEiP_logo &#8211; mniejsze A&#8221; _builder_version=&#8221;4.13.1&#8243; _module_preset=&#8221;default&#8221; global_colors_info=&#8221;{}&#8221; theme_builder_area=&#8221;post_content&#8221;][\/et_pb_image][\/et_pb_column][\/et_pb_row][\/et_pb_section][et_pb_section fb_built=&#8221;1&#8243; _builder_version=&#8221;4.13.1&#8243; _module_preset=&#8221;default&#8221; global_colors_info=&#8221;{}&#8221; theme_builder_area=&#8221;post_content&#8221;][et_pb_row column_structure=&#8221;1_4,1_2,1_4&#8243; _builder_version=&#8221;4.13.1&#8243; _module_preset=&#8221;default&#8221; hover_enabled=&#8221;0&#8243; global_colors_info=&#8221;{}&#8221; theme_builder_area=&#8221;post_content&#8221; sticky_enabled=&#8221;0&#8243;][et_pb_column type=&#8221;1_4&#8243; _builder_version=&#8221;4.13.1&#8243; _module_preset=&#8221;default&#8221; global_colors_info=&#8221;{}&#8221; theme_builder_area=&#8221;post_content&#8221;][et_pb_image src=&#8221;https:\/\/deip.pl\/wp-content\/uploads\/2021\/11\/03.jpg&#8221; title_text=&#8221;Zarowka&#8221; align=&#8221;center&#8221; _builder_version=&#8221;4.13.1&#8243; _module_preset=&#8221;default&#8221; max_height=&#8221;251px&#8221; custom_margin=&#8221;10px||10px||true|false&#8221; global_colors_info=&#8221;{}&#8221; theme_builder_area=&#8221;post_content&#8221;][\/et_pb_image][\/et_pb_column][et_pb_column type=&#8221;1_2&#8243; _builder_version=&#8221;4.13.1&#8243; _module_preset=&#8221;default&#8221; use_background_color_gradient=&#8221;on&#8221; background_color_gradient_start=&#8221;rgba(255,255,255,0.8)&#8221; background_color_gradient_end=&#8221;rgba(0,0,0,0)&#8221; background_color_gradient_type=&#8221;radial&#8221; background_color_gradient_start_position=&#8221;80%&#8221; background_color_gradient_end_position=&#8221;120%&#8221; hover_enabled=&#8221;0&#8243; box_shadow_style=&#8221;preset2&#8243; global_colors_info=&#8221;{}&#8221; theme_builder_area=&#8221;post_content&#8221; admin_label=&#8221;Fundacja&#8221; sticky_enabled=&#8221;0&#8243;][et_pb_text _builder_version=&#8221;4.13.1&#8243; _module_preset=&#8221;default&#8221; custom_margin=&#8221;10px|10px|10px|10px|true|true&#8221; custom_padding=&#8221;5px|5px|5px|5px|true|true&#8221; hover_enabled=&#8221;0&#8243; global_colors_info=&#8221;{}&#8221; theme_builder_area=&#8221;post_content&#8221; sticky_enabled=&#8221;0&#8243;]<\/p>\n<h4 style=\"text-align: center;\">Fundacja &#8222;DEiP&#8221;<\/h4>\n<p>&nbsp;<\/p>\n<p style=\"text-align: center;\">[wst\u0119pne za\u0142o\u017cenia \/ zr\u0119by statutu]<\/p>\n<p style=\"text-align: center;\">\n<p style=\"text-align: center;\">Mottem Fundacji (jest):<\/p>\n<p style=\"text-align: center;\">\u00a0\u201eDla ludzi\u2026 przez ludzi\u201d<\/p>\n<p style=\"text-align: center;\">\n<p style=\"text-align: left;\">Celem fundacji jest wspieranie rozwoju poprzez:<\/p>\n<p style=\"text-align: left;\">&#8211; m\u0105dry patriotyzm (rozumiany mi\u0119dzy innymi jako g\u0142\u0119bsza integracja z UE)<\/p>\n<p style=\"text-align: left;\">\u00a0\u00a0\u00a0\u00a0\u00a0\u00a0\u00a0\u00a0\u00a0\u00a0\u00a0\u00a0\u00a0\u00a0 &#8211; rozw\u00f3j praworz\u0105dno\u015bci<\/p>\n<p style=\"text-align: left;\">&#8211; rozw\u00f3j kultury<\/p>\n<p style=\"text-align: left;\">\u00a0\u00a0\u00a0\u00a0\u00a0\u00a0\u00a0\u00a0\u00a0\u00a0\u00a0\u00a0\u00a0\u00a0 &#8211; wspieranie artyst\u00f3w<\/p>\n<p style=\"text-align: left;\">\u00a0\u00a0\u00a0\u00a0\u00a0\u00a0\u00a0\u00a0\u00a0\u00a0\u00a0\u00a0\u00a0\u00a0 &#8211; organizacje imprez promuj\u0105cych dzie\u0142a i ich tw\u00f3rc\u00f3w<\/p>\n<p style=\"text-align: left;\">\u00a0\u00a0\u00a0\u00a0\u00a0\u00a0\u00a0\u00a0\u00a0\u00a0\u00a0\u00a0\u00a0\u00a0\u00a0\u00a0\u00a0\u00a0\u00a0\u00a0\u00a0\u00a0\u00a0\u00a0\u00a0\u00a0\u00a0\u00a0\u00a0 &#8211; przyk\u0142adowo konkursy<\/p>\n<p style=\"text-align: left;\">\u00a0\u00a0\u00a0\u00a0\u00a0\u00a0\u00a0\u00a0\u00a0\u00a0\u00a0\u00a0\u00a0\u00a0\u00a0\u00a0\u00a0\u00a0\u00a0\u00a0\u00a0\u00a0\u00a0\u00a0\u00a0\u00a0\u00a0\u00a0\u00a0 &#8211; przyk\u0142adowo wernisa\u017ce<\/p>\n<p style=\"text-align: left;\">\u00a0\u00a0\u00a0\u00a0\u00a0\u00a0\u00a0\u00a0\u00a0\u00a0\u00a0\u00a0\u00a0\u00a0 &#8211; inne<\/p>\n<p style=\"text-align: left;\">\u00a0\u00a0\u00a0\u00a0\u00a0\u00a0\u00a0\u00a0\u00a0\u00a0\u00a0\u00a0\u00a0\u00a0 &#8211; ze szczeg\u00f3lnym uwzgl\u0119dnieniem wspierania pisarstwa<\/p>\n<p style=\"text-align: left;\">\u00a0\u00a0\u00a0\u00a0\u00a0\u00a0\u00a0\u00a0\u00a0\u00a0\u00a0 &#8211; poprzez wsparcie w wydawaniu, t\u0142umaczeniu i promocji ksi\u0105\u017cek<\/p>\n<p style=\"text-align: left;\">\u00a0\u00a0\u00a0\u00a0\u00a0\u00a0\u00a0\u00a0\u00a0\u00a0\u00a0\u00a0\u00a0\u00a0\u00a0\u00a0\u00a0\u00a0\u00a0\u00a0\u00a0\u00a0\u00a0\u00a0\u00a0\u00a0\u00a0\u00a0\u00a0 &#8211; wspieranie rozwoju uniwersum \u015awi\u0119tych Niemiec<\/p>\n<p style=\"text-align: left;\">&#8211; rozw\u00f3j nauki<\/p>\n<p style=\"text-align: left;\">\u00a0\u00a0\u00a0\u00a0\u00a0\u00a0\u00a0\u00a0\u00a0\u00a0\u00a0\u00a0\u00a0\u00a0 &#8211; w tym rozw\u00f3j medycyny<\/p>\n<p style=\"text-align: left;\">&#8211; rozw\u00f3j sportu<\/p>\n<p style=\"text-align: left;\">&#8211; konserwi<\/p>\n<p style=\"text-align: left;\">\u00a0\u00a0\u00a0\u00a0\u00a0\u00a0\u00a0\u00a0\u00a0\u00a0\u00a0\u00a0\u00a0\u00a0 &#8211; w tym szczeg\u00f3lnie przeciwdzia\u0142anie\u00a0 i minimalizowanie negatywnych skutk\u00f3w dzia\u0142alno\u015bci cz\u0142owieka na \u015brodowisko.<\/p>\n<p style=\"text-align: left;\">&#8211; wspieranie innowacji i innowacyjnych przedsi\u0119wzi\u0119\u0107, w tym start-up\u00f3w.<\/p>\n<p style=\"text-align: left;\">&#8211; pomoc w wychodzeniu z petli zadluzenia<\/p>\n<p>&nbsp;<\/p>\n<p>Za\u0142o\u017cycielem fundacji (jest) DEiP Commander &#8211; Konrad Witkowski<\/p>\n<p>&nbsp;<\/p>\n<p>[\/et_pb_text][\/et_pb_column][et_pb_column type=&#8221;1_4&#8243; _builder_version=&#8221;4.13.1&#8243; _module_preset=&#8221;default&#8221; global_colors_info=&#8221;{}&#8221; theme_builder_area=&#8221;post_content&#8221;][et_pb_image src=&#8221;https:\/\/deip.pl\/wp-content\/uploads\/2021\/11\/03.jpg&#8221; title_text=&#8221;Zarowka&#8221; align=&#8221;center&#8221; _builder_version=&#8221;4.13.1&#8243; _module_preset=&#8221;default&#8221; max_height=&#8221;251px&#8221; custom_margin=&#8221;10px||10px||true|false&#8221; global_colors_info=&#8221;{}&#8221; theme_builder_area=&#8221;post_content&#8221;][\/et_pb_image][\/et_pb_column][\/et_pb_row][et_pb_row column_structure=&#8221;1_5,3_5,1_5&#8243; _builder_version=&#8221;4.13.1&#8243; _module_preset=&#8221;default&#8221; hover_enabled=&#8221;0&#8243; global_colors_info=&#8221;{}&#8221; theme_builder_area=&#8221;post_content&#8221; sticky_enabled=&#8221;0&#8243;][et_pb_column type=&#8221;1_5&#8243; _builder_version=&#8221;4.13.1&#8243; _module_preset=&#8221;default&#8221; global_colors_info=&#8221;{}&#8221; theme_builder_area=&#8221;post_content&#8221;][et_pb_image src=&#8221;https:\/\/deip.pl\/wp-content\/uploads\/2021\/11\/00a-Drogi-czytelniku.jpg&#8221; title_text=&#8221;Drogi czytelniku&#8221; align=&#8221;center&#8221; _builder_version=&#8221;4.13.1&#8243; _module_preset=&#8221;default&#8221; max_height=&#8221;251px&#8221; custom_margin=&#8221;10px||10px||true|false&#8221; hover_enabled=&#8221;0&#8243; global_colors_info=&#8221;{}&#8221; theme_builder_area=&#8221;post_content&#8221; sticky_enabled=&#8221;0&#8243;][\/et_pb_image][\/et_pb_column][et_pb_column type=&#8221;3_5&#8243; _builder_version=&#8221;4.13.1&#8243; _module_preset=&#8221;default&#8221; use_background_color_gradient=&#8221;on&#8221; background_color_gradient_start=&#8221;rgba(255,255,255,0.8)&#8221; background_color_gradient_end=&#8221;rgba(0,0,0,0)&#8221; background_color_gradient_type=&#8221;radial&#8221; background_color_gradient_start_position=&#8221;80%&#8221; background_color_gradient_end_position=&#8221;120%&#8221; hover_enabled=&#8221;0&#8243; box_shadow_style=&#8221;preset2&#8243; global_colors_info=&#8221;{}&#8221; theme_builder_area=&#8221;post_content&#8221; admin_label=&#8221;Wsparcie&#8221; sticky_enabled=&#8221;0&#8243;][et_pb_text _builder_version=&#8221;4.13.1&#8243; _module_preset=&#8221;default&#8221; custom_margin=&#8221;15px|10px|15px|10px|true|true&#8221; custom_padding=&#8221;30px|5px|30px|5px|true|true&#8221; hover_enabled=&#8221;0&#8243; global_colors_info=&#8221;{}&#8221; theme_builder_area=&#8221;post_content&#8221; sticky_enabled=&#8221;0&#8243;]<\/p>\n<h4 style=\"text-align: center;\">Wparcie<\/h4>\n<p style=\"text-align: center;\">Je\u015bli chcesz nas wesprze\u0107 &#8211; zapraszamy do dzia\u0142u wsparcie (kliknij)<\/p>\n<p>[\/et_pb_text][\/et_pb_column][et_pb_column type=&#8221;1_5&#8243; _builder_version=&#8221;4.13.1&#8243; _module_preset=&#8221;default&#8221; use_background_color_gradient=&#8221;on&#8221; background_color_gradient_start=&#8221;rgba(255,255,255,0.8)&#8221; background_color_gradient_end=&#8221;rgba(0,0,0,0)&#8221; background_color_gradient_type=&#8221;radial&#8221; background_color_gradient_start_position=&#8221;80%&#8221; background_color_gradient_end_position=&#8221;120%&#8221; hover_enabled=&#8221;0&#8243; global_colors_info=&#8221;{}&#8221; theme_builder_area=&#8221;post_content&#8221; sticky_enabled=&#8221;0&#8243;][et_pb_image src=&#8221;https:\/\/deip.pl\/wp-content\/uploads\/2021\/11\/00a-Drogi-czytelniku.jpg&#8221; _builder_version=&#8221;4.13.1&#8243; _module_preset=&#8221;default&#8221; theme_builder_area=&#8221;post_content&#8221; title_text=&#8221;Klik&#8221; hover_enabled=&#8221;0&#8243; sticky_enabled=&#8221;0&#8243;][\/et_pb_image][\/et_pb_column][\/et_pb_row][\/et_pb_section]<\/p>\n","protected":false},"excerpt":{"rendered":"<p>DEiPFundacjaFundacja &#8222;DEiP&#8221; &nbsp; [wst\u0119pne za\u0142o\u017cenia \/ zr\u0119by statutu] Mottem Fundacji (jest): \u00a0\u201eDla ludzi\u2026 przez ludzi\u201d Celem fundacji jest wspieranie rozwoju poprzez: &#8211; m\u0105dry patriotyzm (rozumiany mi\u0119dzy innymi jako g\u0142\u0119bsza integracja z UE) \u00a0\u00a0\u00a0\u00a0\u00a0\u00a0\u00a0\u00a0\u00a0\u00a0\u00a0\u00a0\u00a0\u00a0 &#8211; rozw\u00f3j praworz\u0105dno\u015bci &#8211; rozw\u00f3j kultury \u00a0\u00a0\u00a0\u00a0\u00a0\u00a0\u00a0\u00a0\u00a0\u00a0\u00a0\u00a0\u00a0\u00a0 &#8211; wspieranie artyst\u00f3w \u00a0\u00a0\u00a0\u00a0\u00a0\u00a0\u00a0\u00a0\u00a0\u00a0\u00a0\u00a0\u00a0\u00a0 &#8211; organizacje imprez promuj\u0105cych dzie\u0142a i ich tw\u00f3rc\u00f3w \u00a0\u00a0\u00a0\u00a0\u00a0\u00a0\u00a0\u00a0\u00a0\u00a0\u00a0\u00a0\u00a0\u00a0\u00a0\u00a0\u00a0\u00a0\u00a0\u00a0\u00a0\u00a0\u00a0\u00a0\u00a0\u00a0\u00a0\u00a0\u00a0 &#8211; przyk\u0142adowo [&hellip;]<\/p>\n","protected":false},"author":2,"featured_media":0,"parent":0,"menu_order":0,"comment_status":"closed","ping_status":"closed","template":"","meta":{"_et_pb_use_builder":"on","_et_pb_old_content":"","_et_gb_content_width":"","footnotes":""},"class_list":["post-879","page","type-page","status-publish","hentry"],"yoast_head":"<!-- This site is optimized with the Yoast SEO plugin v17.7.1 - https:\/\/yoast.com\/wordpress\/plugins\/seo\/ -->\n<title>Fundacja - DEiP<\/title>\n<meta name=\"robots\" content=\"index, follow, max-snippet:-1, max-image-preview:large, max-video-preview:-1\" \/>\n<link rel=\"canonical\" href=\"https:\/\/deip.pl\/index.php\/fundacja\/\" \/>\n<meta property=\"og:locale\" content=\"pl_PL\" \/>\n<meta property=\"og:type\" content=\"article\" \/>\n<meta property=\"og:title\" content=\"Fundacja - DEiP\" \/>\n<meta property=\"og:description\" content=\"DEiPFundacjaFundacja &quot;DEiP&quot; &nbsp; [wst\u0119pne za\u0142o\u017cenia \/ zr\u0119by statutu] Mottem Fundacji (jest): \u00a0\u201eDla ludzi\u2026 przez ludzi\u201d Celem fundacji jest wspieranie rozwoju poprzez: - m\u0105dry patriotyzm (rozumiany mi\u0119dzy innymi jako g\u0142\u0119bsza integracja z UE) \u00a0\u00a0\u00a0\u00a0\u00a0\u00a0\u00a0\u00a0\u00a0\u00a0\u00a0\u00a0\u00a0\u00a0 - rozw\u00f3j praworz\u0105dno\u015bci - rozw\u00f3j kultury \u00a0\u00a0\u00a0\u00a0\u00a0\u00a0\u00a0\u00a0\u00a0\u00a0\u00a0\u00a0\u00a0\u00a0 - wspieranie artyst\u00f3w \u00a0\u00a0\u00a0\u00a0\u00a0\u00a0\u00a0\u00a0\u00a0\u00a0\u00a0\u00a0\u00a0\u00a0 - organizacje imprez promuj\u0105cych dzie\u0142a i ich tw\u00f3rc\u00f3w \u00a0\u00a0\u00a0\u00a0\u00a0\u00a0\u00a0\u00a0\u00a0\u00a0\u00a0\u00a0\u00a0\u00a0\u00a0\u00a0\u00a0\u00a0\u00a0\u00a0\u00a0\u00a0\u00a0\u00a0\u00a0\u00a0\u00a0\u00a0\u00a0 - przyk\u0142adowo [&hellip;]\" \/>\n<meta property=\"og:url\" content=\"https:\/\/deip.pl\/index.php\/fundacja\/\" \/>\n<meta property=\"og:site_name\" content=\"DEiP\" \/>\n<meta property=\"article:modified_time\" content=\"2021-11-21T19:03:47+00:00\" \/>\n<meta name=\"twitter:card\" content=\"summary_large_image\" \/>\n<script type=\"application\/ld+json\" class=\"yoast-schema-graph\">{\"@context\":\"https:\/\/schema.org\",\"@graph\":[{\"@type\":\"WebSite\",\"@id\":\"https:\/\/deip.pl\/#website\",\"url\":\"https:\/\/deip.pl\/\",\"name\":\"DEiP\",\"description\":\"Strona DEiP - dzia\\u0142a\\u0144 w rzeczywisto\\u015bci\",\"potentialAction\":[{\"@type\":\"SearchAction\",\"target\":{\"@type\":\"EntryPoint\",\"urlTemplate\":\"https:\/\/deip.pl\/?s={search_term_string}\"},\"query-input\":\"required name=search_term_string\"}],\"inLanguage\":\"pl-PL\"},{\"@type\":\"WebPage\",\"@id\":\"https:\/\/deip.pl\/index.php\/fundacja\/#webpage\",\"url\":\"https:\/\/deip.pl\/index.php\/fundacja\/\",\"name\":\"Fundacja - DEiP\",\"isPartOf\":{\"@id\":\"https:\/\/deip.pl\/#website\"},\"datePublished\":\"2021-11-21T18:13:05+00:00\",\"dateModified\":\"2021-11-21T19:03:47+00:00\",\"breadcrumb\":{\"@id\":\"https:\/\/deip.pl\/index.php\/fundacja\/#breadcrumb\"},\"inLanguage\":\"pl-PL\",\"potentialAction\":[{\"@type\":\"ReadAction\",\"target\":[\"https:\/\/deip.pl\/index.php\/fundacja\/\"]}]},{\"@type\":\"BreadcrumbList\",\"@id\":\"https:\/\/deip.pl\/index.php\/fundacja\/#breadcrumb\",\"itemListElement\":[{\"@type\":\"ListItem\",\"position\":1,\"name\":\"Strona g\\u0142\\u00f3wna\",\"item\":\"https:\/\/deip.pl\/\"},{\"@type\":\"ListItem\",\"position\":2,\"name\":\"Fundacja\"}]}]}<\/script>\n<!-- \/ Yoast SEO plugin. -->","yoast_head_json":{"title":"Fundacja - DEiP","robots":{"index":"index","follow":"follow","max-snippet":"max-snippet:-1","max-image-preview":"max-image-preview:large","max-video-preview":"max-video-preview:-1"},"canonical":"https:\/\/deip.pl\/index.php\/fundacja\/","og_locale":"pl_PL","og_type":"article","og_title":"Fundacja - DEiP","og_description":"DEiPFundacjaFundacja \"DEiP\" &nbsp; [wst\u0119pne za\u0142o\u017cenia \/ zr\u0119by statutu] Mottem Fundacji (jest): \u00a0\u201eDla ludzi\u2026 przez ludzi\u201d Celem fundacji jest wspieranie rozwoju poprzez: - m\u0105dry patriotyzm (rozumiany mi\u0119dzy innymi jako g\u0142\u0119bsza integracja z UE) \u00a0\u00a0\u00a0\u00a0\u00a0\u00a0\u00a0\u00a0\u00a0\u00a0\u00a0\u00a0\u00a0\u00a0 - rozw\u00f3j praworz\u0105dno\u015bci - rozw\u00f3j kultury \u00a0\u00a0\u00a0\u00a0\u00a0\u00a0\u00a0\u00a0\u00a0\u00a0\u00a0\u00a0\u00a0\u00a0 - wspieranie artyst\u00f3w \u00a0\u00a0\u00a0\u00a0\u00a0\u00a0\u00a0\u00a0\u00a0\u00a0\u00a0\u00a0\u00a0\u00a0 - organizacje imprez promuj\u0105cych dzie\u0142a i ich tw\u00f3rc\u00f3w \u00a0\u00a0\u00a0\u00a0\u00a0\u00a0\u00a0\u00a0\u00a0\u00a0\u00a0\u00a0\u00a0\u00a0\u00a0\u00a0\u00a0\u00a0\u00a0\u00a0\u00a0\u00a0\u00a0\u00a0\u00a0\u00a0\u00a0\u00a0\u00a0 - przyk\u0142adowo [&hellip;]","og_url":"https:\/\/deip.pl\/index.php\/fundacja\/","og_site_name":"DEiP","article_modified_time":"2021-11-21T19:03:47+00:00","twitter_card":"summary_large_image","schema":{"@context":"https:\/\/schema.org","@graph":[{"@type":"WebSite","@id":"https:\/\/deip.pl\/#website","url":"https:\/\/deip.pl\/","name":"DEiP","description":"Strona DEiP - dzia\u0142a\u0144 w rzeczywisto\u015bci","potentialAction":[{"@type":"SearchAction","target":{"@type":"EntryPoint","urlTemplate":"https:\/\/deip.pl\/?s={search_term_string}"},"query-input":"required name=search_term_string"}],"inLanguage":"pl-PL"},{"@type":"WebPage","@id":"https:\/\/deip.pl\/index.php\/fundacja\/#webpage","url":"https:\/\/deip.pl\/index.php\/fundacja\/","name":"Fundacja - DEiP","isPartOf":{"@id":"https:\/\/deip.pl\/#website"},"datePublished":"2021-11-21T18:13:05+00:00","dateModified":"2021-11-21T19:03:47+00:00","breadcrumb":{"@id":"https:\/\/deip.pl\/index.php\/fundacja\/#breadcrumb"},"inLanguage":"pl-PL","potentialAction":[{"@type":"ReadAction","target":["https:\/\/deip.pl\/index.php\/fundacja\/"]}]},{"@type":"BreadcrumbList","@id":"https:\/\/deip.pl\/index.php\/fundacja\/#breadcrumb","itemListElement":[{"@type":"ListItem","position":1,"name":"Strona g\u0142\u00f3wna","item":"https:\/\/deip.pl\/"},{"@type":"ListItem","position":2,"name":"Fundacja"}]}]}},"_links":{"self":[{"href":"https:\/\/deip.pl\/index.php\/wp-json\/wp\/v2\/pages\/879","targetHints":{"allow":["GET"]}}],"collection":[{"href":"https:\/\/deip.pl\/index.php\/wp-json\/wp\/v2\/pages"}],"about":[{"href":"https:\/\/deip.pl\/index.php\/wp-json\/wp\/v2\/types\/page"}],"author":[{"embeddable":true,"href":"https:\/\/deip.pl\/index.php\/wp-json\/wp\/v2\/users\/2"}],"replies":[{"embeddable":true,"href":"https:\/\/deip.pl\/index.php\/wp-json\/wp\/v2\/comments?post=879"}],"version-history":[{"count":5,"href":"https:\/\/deip.pl\/index.php\/wp-json\/wp\/v2\/pages\/879\/revisions"}],"predecessor-version":[{"id":889,"href":"https:\/\/deip.pl\/index.php\/wp-json\/wp\/v2\/pages\/879\/revisions\/889"}],"wp:attachment":[{"href":"https:\/\/deip.pl\/index.php\/wp-json\/wp\/v2\/media?parent=879"}],"curies":[{"name":"wp","href":"https:\/\/api.w.org\/{rel}","templated":true}]}}